{"version":"1.0","provider_name":"San Juan Deportes","provider_url":"http:\/\/www.sanjuandeportes.com\/wp","author_name":"admin","author_url":"http:\/\/www.sanjuandeportes.com\/wp\/author\/admin\/","title":"La Super Liga confirm\u00f3 los nuevos campeonatos - San Juan Deportes","type":"rich","width":600,"height":338,"html":"<blockquote class=\"wp-embedded-content\" data-secret=\"TqQzsq4g8K\"><a href=\"http:\/\/www.sanjuandeportes.com\/wp\/2018\/02\/16\/la-super-liga-confirmo-los-nuevos-campeonatos\/\">La Super Liga confirm\u00f3 los nuevos campeonatos<\/a><\/blockquote><iframe sandbox=\"allow-scripts\" security=\"restricted\" src=\"http:\/\/www.sanjuandeportes.com\/wp\/2018\/02\/16\/la-super-liga-confirmo-los-nuevos-campeonatos\/embed\/#?secret=TqQzsq4g8K\" width=\"600\" height=\"338\" title=\"\u00abLa Super Liga confirm\u00f3 los nuevos campeonatos\u00bb \u2014 San Juan Deportes\" data-secret=\"TqQzsq4g8K\" frameborder=\"0\" marginwidth=\"0\" marginheight=\"0\" scrolling=\"no\" class=\"wp-embedded-content\"><\/iframe><script>\n\/*! This file is auto-generated *\/\n!function(d,l){\"use strict\";l.querySelector&&d.addEventListener&&\"undefined\"!=typeof URL&&(d.wp=d.wp||{},d.wp.receiveEmbedMessage||(d.wp.receiveEmbedMessage=function(e){var t=e.data;if((t||t.secret||t.message||t.value)&&!\/[^a-zA-Z0-9]\/.test(t.secret)){for(var s,r,n,a=l.querySelectorAll('iframe[data-secret=\"'+t.secret+'\"]'),o=l.querySelectorAll('blockquote[data-secret=\"'+t.secret+'\"]'),c=new RegExp(\"^https?:$\",\"i\"),i=0;i<o.length;i++)o[i].style.display=\"none\";for(i=0;i<a.length;i++)s=a[i],e.source===s.contentWindow&&(s.removeAttribute(\"style\"),\"height\"===t.message?(1e3<(r=parseInt(t.value,10))?r=1e3:~~r<200&&(r=200),s.height=r):\"link\"===t.message&&(r=new URL(s.getAttribute(\"src\")),n=new URL(t.value),c.test(n.protocol))&&n.host===r.host&&l.activeElement===s&&(d.top.location.href=t.value))}},d.addEventListener(\"message\",d.wp.receiveEmbedMessage,!1),l.addEventListener(\"DOMContentLoaded\",function(){for(var e,t,s=l.querySelectorAll(\"iframe.wp-embedded-content\"),r=0;r<s.length;r++)(t=(e=s[r]).getAttribute(\"data-secret\"))||(t=Math.random().toString(36).substring(2,12),e.src+=\"#?secret=\"+t,e.setAttribute(\"data-secret\",t)),e.contentWindow.postMessage({message:\"ready\",secret:t},\"*\")},!1)))}(window,document);\n\/\/# sourceURL=http:\/\/www.sanjuandeportes.com\/wp\/wp-includes\/js\/wp-embed.min.js\n<\/script>\n","thumbnail_url":"http:\/\/www.sanjuandeportes.com\/wp\/wp-content\/uploads\/2018\/02\/SUPERLIGA.jpg","thumbnail_width":840,"thumbnail_height":480,"description":"Este jueves se reuni\u00f3 el Comit\u00e9 Ejecutivo para definir c\u00f3mo se jugar\u00e1n los torneos de Primera Divisi\u00f3n despu\u00e9s del Mundial de Rusia 2018. Tambien se confirm\u00f3 que no habran descensos este fin de a\u00f1o. Se desestim\u00f3 la posibilidad de hacer una temporada de agosto a diciembre -y de sumar descensos y ascensos a fin de [&hellip;]"}