{"version":"1.0","provider_name":"San Juan Deportes","provider_url":"http:\/\/www.sanjuandeportes.com\/wp","author_name":"admin","author_url":"http:\/\/www.sanjuandeportes.com\/wp\/author\/admin\/","title":"Daniel D\u00edaz rey en Mendoza - San Juan Deportes","type":"rich","width":600,"height":338,"html":"<blockquote class=\"wp-embedded-content\" data-secret=\"PHx6UE2gMp\"><a href=\"http:\/\/www.sanjuandeportes.com\/wp\/2018\/02\/26\/daniel-diaz-rey-en-mendoza\/\">Daniel D\u00edaz rey en Mendoza<\/a><\/blockquote><iframe sandbox=\"allow-scripts\" security=\"restricted\" src=\"http:\/\/www.sanjuandeportes.com\/wp\/2018\/02\/26\/daniel-diaz-rey-en-mendoza\/embed\/#?secret=PHx6UE2gMp\" width=\"600\" height=\"338\" title=\"\u00abDaniel D\u00edaz rey en Mendoza\u00bb \u2014 San Juan Deportes\" data-secret=\"PHx6UE2gMp\" frameborder=\"0\" marginwidth=\"0\" marginheight=\"0\" scrolling=\"no\" class=\"wp-embedded-content\"><\/iframe><script>\n\/*! This file is auto-generated *\/\n!function(d,l){\"use strict\";l.querySelector&&d.addEventListener&&\"undefined\"!=typeof URL&&(d.wp=d.wp||{},d.wp.receiveEmbedMessage||(d.wp.receiveEmbedMessage=function(e){var t=e.data;if((t||t.secret||t.message||t.value)&&!\/[^a-zA-Z0-9]\/.test(t.secret)){for(var s,r,n,a=l.querySelectorAll('iframe[data-secret=\"'+t.secret+'\"]'),o=l.querySelectorAll('blockquote[data-secret=\"'+t.secret+'\"]'),c=new RegExp(\"^https?:$\",\"i\"),i=0;i<o.length;i++)o[i].style.display=\"none\";for(i=0;i<a.length;i++)s=a[i],e.source===s.contentWindow&&(s.removeAttribute(\"style\"),\"height\"===t.message?(1e3<(r=parseInt(t.value,10))?r=1e3:~~r<200&&(r=200),s.height=r):\"link\"===t.message&&(r=new URL(s.getAttribute(\"src\")),n=new URL(t.value),c.test(n.protocol))&&n.host===r.host&&l.activeElement===s&&(d.top.location.href=t.value))}},d.addEventListener(\"message\",d.wp.receiveEmbedMessage,!1),l.addEventListener(\"DOMContentLoaded\",function(){for(var e,t,s=l.querySelectorAll(\"iframe.wp-embedded-content\"),r=0;r<s.length;r++)(t=(e=s[r]).getAttribute(\"data-secret\"))||(t=Math.random().toString(36).substring(2,12),e.src+=\"#?secret=\"+t,e.setAttribute(\"data-secret\",t)),e.contentWindow.postMessage({message:\"ready\",secret:t},\"*\")},!1)))}(window,document);\n\/\/# sourceURL=http:\/\/www.sanjuandeportes.com\/wp\/wp-includes\/js\/wp-embed.min.js\n<\/script>\n","description":"El ciclista perteneciente al Sindicato Empleados P\u00fablicos se consagr\u00f3 campe\u00f3n de la Vuelta a Mendoza. Daniel D\u00edaz del SEP sanjuanino, logr\u00f3 su primera victoria absoluta en la Vuelta de Mendoza. El ciclista salte\u00f1o de 28 a\u00f1os, en el Parque de la Familia, en Las Heras, alz\u00f3 sus manos para celebrar una corona deseada. \u201cEs una [&hellip;]","thumbnail_url":"http:\/\/www.sanjuandeportes.com\/wp\/wp-content\/uploads\/2018\/02\/8VA-ETAPA-CAMPEON-DANIEL-DIAZ-2-300x209.jpg"}