{"version":"1.0","provider_name":"San Juan Deportes","provider_url":"http:\/\/www.sanjuandeportes.com\/wp","author_name":"Pablo Pujado","author_url":"http:\/\/www.sanjuandeportes.com\/wp\/author\/pablo-pujado\/","title":"Santiago Gambetta volver\u00e1 al Rally Argentino - San Juan Deportes","type":"rich","width":600,"height":338,"html":"<blockquote class=\"wp-embedded-content\" data-secret=\"trAuEHZYhs\"><a href=\"http:\/\/www.sanjuandeportes.com\/wp\/2019\/03\/14\/santiago-gambetta-volvera-al-rally-argentino\/\">Santiago Gambetta volver\u00e1 al Rally Argentino<\/a><\/blockquote><iframe sandbox=\"allow-scripts\" security=\"restricted\" src=\"http:\/\/www.sanjuandeportes.com\/wp\/2019\/03\/14\/santiago-gambetta-volvera-al-rally-argentino\/embed\/#?secret=trAuEHZYhs\" width=\"600\" height=\"338\" title=\"\u00abSantiago Gambetta volver\u00e1 al Rally Argentino\u00bb \u2014 San Juan Deportes\" data-secret=\"trAuEHZYhs\" frameborder=\"0\" marginwidth=\"0\" marginheight=\"0\" scrolling=\"no\" class=\"wp-embedded-content\"><\/iframe><script>\n\/*! This file is auto-generated *\/\n!function(d,l){\"use strict\";l.querySelector&&d.addEventListener&&\"undefined\"!=typeof URL&&(d.wp=d.wp||{},d.wp.receiveEmbedMessage||(d.wp.receiveEmbedMessage=function(e){var t=e.data;if((t||t.secret||t.message||t.value)&&!\/[^a-zA-Z0-9]\/.test(t.secret)){for(var s,r,n,a=l.querySelectorAll('iframe[data-secret=\"'+t.secret+'\"]'),o=l.querySelectorAll('blockquote[data-secret=\"'+t.secret+'\"]'),c=new RegExp(\"^https?:$\",\"i\"),i=0;i<o.length;i++)o[i].style.display=\"none\";for(i=0;i<a.length;i++)s=a[i],e.source===s.contentWindow&&(s.removeAttribute(\"style\"),\"height\"===t.message?(1e3<(r=parseInt(t.value,10))?r=1e3:~~r<200&&(r=200),s.height=r):\"link\"===t.message&&(r=new URL(s.getAttribute(\"src\")),n=new URL(t.value),c.test(n.protocol))&&n.host===r.host&&l.activeElement===s&&(d.top.location.href=t.value))}},d.addEventListener(\"message\",d.wp.receiveEmbedMessage,!1),l.addEventListener(\"DOMContentLoaded\",function(){for(var e,t,s=l.querySelectorAll(\"iframe.wp-embedded-content\"),r=0;r<s.length;r++)(t=(e=s[r]).getAttribute(\"data-secret\"))||(t=Math.random().toString(36).substring(2,12),e.src+=\"#?secret=\"+t,e.setAttribute(\"data-secret\",t)),e.contentWindow.postMessage({message:\"ready\",secret:t},\"*\")},!1)))}(window,document);\n\/\/# sourceURL=http:\/\/www.sanjuandeportes.com\/wp\/wp-includes\/js\/wp-embed.min.js\n<\/script>\n","thumbnail_url":"https:\/\/www.sanjuandeportes.com\/wp\/wp-content\/uploads\/2019\/03\/Santiago-Gambetta.jpg","thumbnail_width":782,"thumbnail_height":555,"description":"Lo har\u00e1 desde la pr\u00f3xima fecha a bordo de un Ford Ka en la categor\u00eda Junior. El piloto sanjuanino retornar\u00e1 al rally nacional en la segunda fecha, que se disputar\u00e1 en Taf\u00ed del Valle, provincia de Tucum\u00e1n. Gambetta integrar\u00e1 la Clase Junior y correr\u00e1 en un Ford Ka del equipo Pel\u00e1ez Rally Team. Con este [&hellip;]"}