{"version":"1.0","provider_name":"San Juan Deportes","provider_url":"http:\/\/www.sanjuandeportes.com\/wp","author_name":"Pablo Pujado","author_url":"http:\/\/www.sanjuandeportes.com\/wp\/author\/pablo-pujado\/","title":"En Media Agua, se inaugur\u00f3 el d\u00e9cimo segundo techado - San Juan Deportes","type":"rich","width":600,"height":338,"html":"<blockquote class=\"wp-embedded-content\" data-secret=\"SyxjnisDF1\"><a href=\"http:\/\/www.sanjuandeportes.com\/wp\/2019\/05\/15\/en-media-agua-se-inauguro-el-decimosegundo-techado\/\">En Media Agua, se inaugur\u00f3 el d\u00e9cimo segundo techado<\/a><\/blockquote><iframe sandbox=\"allow-scripts\" security=\"restricted\" src=\"http:\/\/www.sanjuandeportes.com\/wp\/2019\/05\/15\/en-media-agua-se-inauguro-el-decimosegundo-techado\/embed\/#?secret=SyxjnisDF1\" width=\"600\" height=\"338\" title=\"\u00abEn Media Agua, se inaugur\u00f3 el d\u00e9cimo segundo techado\u00bb \u2014 San Juan Deportes\" data-secret=\"SyxjnisDF1\" frameborder=\"0\" marginwidth=\"0\" marginheight=\"0\" scrolling=\"no\" class=\"wp-embedded-content\"><\/iframe><script>\n\/*! This file is auto-generated *\/\n!function(d,l){\"use strict\";l.querySelector&&d.addEventListener&&\"undefined\"!=typeof URL&&(d.wp=d.wp||{},d.wp.receiveEmbedMessage||(d.wp.receiveEmbedMessage=function(e){var t=e.data;if((t||t.secret||t.message||t.value)&&!\/[^a-zA-Z0-9]\/.test(t.secret)){for(var s,r,n,a=l.querySelectorAll('iframe[data-secret=\"'+t.secret+'\"]'),o=l.querySelectorAll('blockquote[data-secret=\"'+t.secret+'\"]'),c=new RegExp(\"^https?:$\",\"i\"),i=0;i<o.length;i++)o[i].style.display=\"none\";for(i=0;i<a.length;i++)s=a[i],e.source===s.contentWindow&&(s.removeAttribute(\"style\"),\"height\"===t.message?(1e3<(r=parseInt(t.value,10))?r=1e3:~~r<200&&(r=200),s.height=r):\"link\"===t.message&&(r=new URL(s.getAttribute(\"src\")),n=new URL(t.value),c.test(n.protocol))&&n.host===r.host&&l.activeElement===s&&(d.top.location.href=t.value))}},d.addEventListener(\"message\",d.wp.receiveEmbedMessage,!1),l.addEventListener(\"DOMContentLoaded\",function(){for(var e,t,s=l.querySelectorAll(\"iframe.wp-embedded-content\"),r=0;r<s.length;r++)(t=(e=s[r]).getAttribute(\"data-secret\"))||(t=Math.random().toString(36).substring(2,12),e.src+=\"#?secret=\"+t,e.setAttribute(\"data-secret\",t)),e.contentWindow.postMessage({message:\"ready\",secret:t},\"*\")},!1)))}(window,document);\n\/\/# sourceURL=http:\/\/www.sanjuandeportes.com\/wp\/wp-includes\/js\/wp-embed.min.js\n<\/script>\n","thumbnail_url":"https:\/\/www.sanjuandeportes.com\/wp\/wp-content\/uploads\/2019\/05\/33976254968_8937bf4602_b.jpg","thumbnail_width":1024,"thumbnail_height":683,"description":"El gobernador de San Juan, Sergio U\u00f1ac, cerr\u00f3 esta tarde su visita al departamento Sarmiento con la inauguraci\u00f3n del techado del Club Social y Deportivo Media Agua. Adem\u00e1s, se firm\u00f3 un convenio con la Liga de F\u00fatbol para la entrega de un aporte econ\u00f3mico destinado al desarrollo de actividades en cada uno de los clubes [&hellip;]"}