{"version":"1.0","provider_name":"San Juan Deportes","provider_url":"http:\/\/www.sanjuandeportes.com\/wp","author_name":"Pablo Pujado","author_url":"http:\/\/www.sanjuandeportes.com\/wp\/author\/pablo-pujado\/","title":"El \u201cPacman\u201d Fern\u00e1ndez debuta este s\u00e1bado en Espa\u00f1a - San Juan Deportes","type":"rich","width":600,"height":338,"html":"<blockquote class=\"wp-embedded-content\" data-secret=\"n1FESUNkGF\"><a href=\"http:\/\/www.sanjuandeportes.com\/wp\/2019\/05\/16\/el-pacman-fernandez-debuta-este-sabado-en-espana\/\">El \u201cPacman\u201d Fern\u00e1ndez debuta este s\u00e1bado en Espa\u00f1a<\/a><\/blockquote><iframe sandbox=\"allow-scripts\" security=\"restricted\" src=\"http:\/\/www.sanjuandeportes.com\/wp\/2019\/05\/16\/el-pacman-fernandez-debuta-este-sabado-en-espana\/embed\/#?secret=n1FESUNkGF\" width=\"600\" height=\"338\" title=\"\u00abEl \u201cPacman\u201d Fern\u00e1ndez debuta este s\u00e1bado en Espa\u00f1a\u00bb \u2014 San Juan Deportes\" data-secret=\"n1FESUNkGF\" frameborder=\"0\" marginwidth=\"0\" marginheight=\"0\" scrolling=\"no\" class=\"wp-embedded-content\"><\/iframe><script>\n\/*! This file is auto-generated *\/\n!function(d,l){\"use strict\";l.querySelector&&d.addEventListener&&\"undefined\"!=typeof URL&&(d.wp=d.wp||{},d.wp.receiveEmbedMessage||(d.wp.receiveEmbedMessage=function(e){var t=e.data;if((t||t.secret||t.message||t.value)&&!\/[^a-zA-Z0-9]\/.test(t.secret)){for(var s,r,n,a=l.querySelectorAll('iframe[data-secret=\"'+t.secret+'\"]'),o=l.querySelectorAll('blockquote[data-secret=\"'+t.secret+'\"]'),c=new RegExp(\"^https?:$\",\"i\"),i=0;i<o.length;i++)o[i].style.display=\"none\";for(i=0;i<a.length;i++)s=a[i],e.source===s.contentWindow&&(s.removeAttribute(\"style\"),\"height\"===t.message?(1e3<(r=parseInt(t.value,10))?r=1e3:~~r<200&&(r=200),s.height=r):\"link\"===t.message&&(r=new URL(s.getAttribute(\"src\")),n=new URL(t.value),c.test(n.protocol))&&n.host===r.host&&l.activeElement===s&&(d.top.location.href=t.value))}},d.addEventListener(\"message\",d.wp.receiveEmbedMessage,!1),l.addEventListener(\"DOMContentLoaded\",function(){for(var e,t,s=l.querySelectorAll(\"iframe.wp-embedded-content\"),r=0;r<s.length;r++)(t=(e=s[r]).getAttribute(\"data-secret\"))||(t=Math.random().toString(36).substring(2,12),e.src+=\"#?secret=\"+t,e.setAttribute(\"data-secret\",t)),e.contentWindow.postMessage({message:\"ready\",secret:t},\"*\")},!1)))}(window,document);\n\/\/# sourceURL=http:\/\/www.sanjuandeportes.com\/wp\/wp-includes\/js\/wp-embed.min.js\n<\/script>\n","thumbnail_url":"https:\/\/www.sanjuandeportes.com\/wp\/wp-content\/uploads\/2019\/04\/ezequiel-fernandez.jpg","thumbnail_width":960,"thumbnail_height":540,"description":"Ezequiel el \u201cPacman\u201d Fern\u00e1ndez tendr\u00e1 su primera pelea europea ante el local Samuel Molina, en el Club Saga Heredia, en M\u00e1laga, Espa\u00f1a este pr\u00f3ximo s\u00e1bado desde las 19hs Argentina. El deportista de Alto Rendimiento, Programa de la Secretar\u00eda de Estado de Deportes de la provincia,\u00a0este s\u00e1bado\u00a0tendr\u00e1 su primera pelea en Europa. En la jornada de [&hellip;]"}