{"version":"1.0","provider_name":"San Juan Deportes","provider_url":"http:\/\/www.sanjuandeportes.com\/wp","author_name":"Pablo Pujado","author_url":"http:\/\/www.sanjuandeportes.com\/wp\/author\/pablo-pujado\/","title":"Jorge Miadosqui: \"El plantel est\u00e1 bien, somos optimistas\" - San Juan Deportes","type":"rich","width":600,"height":338,"html":"<blockquote class=\"wp-embedded-content\" data-secret=\"vXXerGsNM3\"><a href=\"http:\/\/www.sanjuandeportes.com\/wp\/2019\/06\/19\/jorge-miadosqui-el-plantel-esta-bien-somos-optimistas\/\">Jorge Miadosqui: \u00abEl plantel est\u00e1 bien, somos optimistas\u00bb<\/a><\/blockquote><iframe sandbox=\"allow-scripts\" security=\"restricted\" src=\"http:\/\/www.sanjuandeportes.com\/wp\/2019\/06\/19\/jorge-miadosqui-el-plantel-esta-bien-somos-optimistas\/embed\/#?secret=vXXerGsNM3\" width=\"600\" height=\"338\" title=\"\u00abJorge Miadosqui: \u00abEl plantel est\u00e1 bien, somos optimistas\u00bb\u00bb \u2014 San Juan Deportes\" data-secret=\"vXXerGsNM3\" frameborder=\"0\" marginwidth=\"0\" marginheight=\"0\" scrolling=\"no\" class=\"wp-embedded-content\"><\/iframe><script>\n\/*! This file is auto-generated *\/\n!function(d,l){\"use strict\";l.querySelector&&d.addEventListener&&\"undefined\"!=typeof URL&&(d.wp=d.wp||{},d.wp.receiveEmbedMessage||(d.wp.receiveEmbedMessage=function(e){var t=e.data;if((t||t.secret||t.message||t.value)&&!\/[^a-zA-Z0-9]\/.test(t.secret)){for(var s,r,n,a=l.querySelectorAll('iframe[data-secret=\"'+t.secret+'\"]'),o=l.querySelectorAll('blockquote[data-secret=\"'+t.secret+'\"]'),c=new RegExp(\"^https?:$\",\"i\"),i=0;i<o.length;i++)o[i].style.display=\"none\";for(i=0;i<a.length;i++)s=a[i],e.source===s.contentWindow&&(s.removeAttribute(\"style\"),\"height\"===t.message?(1e3<(r=parseInt(t.value,10))?r=1e3:~~r<200&&(r=200),s.height=r):\"link\"===t.message&&(r=new URL(s.getAttribute(\"src\")),n=new URL(t.value),c.test(n.protocol))&&n.host===r.host&&l.activeElement===s&&(d.top.location.href=t.value))}},d.addEventListener(\"message\",d.wp.receiveEmbedMessage,!1),l.addEventListener(\"DOMContentLoaded\",function(){for(var e,t,s=l.querySelectorAll(\"iframe.wp-embedded-content\"),r=0;r<s.length;r++)(t=(e=s[r]).getAttribute(\"data-secret\"))||(t=Math.random().toString(36).substring(2,12),e.src+=\"#?secret=\"+t,e.setAttribute(\"data-secret\",t)),e.contentWindow.postMessage({message:\"ready\",secret:t},\"*\")},!1)))}(window,document);\n\/\/# sourceURL=http:\/\/www.sanjuandeportes.com\/wp\/wp-includes\/js\/wp-embed.min.js\n<\/script>\n","thumbnail_url":"http:\/\/www.sanjuandeportes.com\/wp\/wp-content\/uploads\/2019\/06\/5d0a6b7325d62.jpeg","thumbnail_width":844,"thumbnail_height":475,"description":"Jorge Miadosqui, secretario de Selecciones Nacionales de la AFA, est\u00e1 en Brasil junto al plantel argentino y dialog\u00f3 previo al encuentro contra Paraguay. \u00abEl plantel est\u00e1 bien. Somos optimistas, creo que se nos ha hecho un poco m\u00e1s largo el camino pero est\u00e1n dadas las condiciones, tenemos grandes jugadores para resolver este peque\u00f1o problema que [&hellip;]"}