{"version":"1.0","provider_name":"San Juan Deportes","provider_url":"http:\/\/www.sanjuandeportes.com\/wp","author_name":"Pablo Pujado","author_url":"http:\/\/www.sanjuandeportes.com\/wp\/author\/pablo-pujado\/","title":"Rom\u00e1n tendr\u00e1 su despedida en La Bombonera - San Juan Deportes","type":"rich","width":600,"height":338,"html":"<blockquote class=\"wp-embedded-content\" data-secret=\"tmNVWaxu1k\"><a href=\"http:\/\/www.sanjuandeportes.com\/wp\/2019\/09\/18\/roman-tendra-su-despedida-en-la-bombonera\/\">Rom\u00e1n tendr\u00e1 su despedida en La Bombonera<\/a><\/blockquote><iframe sandbox=\"allow-scripts\" security=\"restricted\" src=\"http:\/\/www.sanjuandeportes.com\/wp\/2019\/09\/18\/roman-tendra-su-despedida-en-la-bombonera\/embed\/#?secret=tmNVWaxu1k\" width=\"600\" height=\"338\" title=\"\u00abRom\u00e1n tendr\u00e1 su despedida en La Bombonera\u00bb \u2014 San Juan Deportes\" data-secret=\"tmNVWaxu1k\" frameborder=\"0\" marginwidth=\"0\" marginheight=\"0\" scrolling=\"no\" class=\"wp-embedded-content\"><\/iframe><script>\n\/*! This file is auto-generated *\/\n!function(d,l){\"use strict\";l.querySelector&&d.addEventListener&&\"undefined\"!=typeof URL&&(d.wp=d.wp||{},d.wp.receiveEmbedMessage||(d.wp.receiveEmbedMessage=function(e){var t=e.data;if((t||t.secret||t.message||t.value)&&!\/[^a-zA-Z0-9]\/.test(t.secret)){for(var s,r,n,a=l.querySelectorAll('iframe[data-secret=\"'+t.secret+'\"]'),o=l.querySelectorAll('blockquote[data-secret=\"'+t.secret+'\"]'),c=new RegExp(\"^https?:$\",\"i\"),i=0;i<o.length;i++)o[i].style.display=\"none\";for(i=0;i<a.length;i++)s=a[i],e.source===s.contentWindow&&(s.removeAttribute(\"style\"),\"height\"===t.message?(1e3<(r=parseInt(t.value,10))?r=1e3:~~r<200&&(r=200),s.height=r):\"link\"===t.message&&(r=new URL(s.getAttribute(\"src\")),n=new URL(t.value),c.test(n.protocol))&&n.host===r.host&&l.activeElement===s&&(d.top.location.href=t.value))}},d.addEventListener(\"message\",d.wp.receiveEmbedMessage,!1),l.addEventListener(\"DOMContentLoaded\",function(){for(var e,t,s=l.querySelectorAll(\"iframe.wp-embedded-content\"),r=0;r<s.length;r++)(t=(e=s[r]).getAttribute(\"data-secret\"))||(t=Math.random().toString(36).substring(2,12),e.src+=\"#?secret=\"+t,e.setAttribute(\"data-secret\",t)),e.contentWindow.postMessage({message:\"ready\",secret:t},\"*\")},!1)))}(window,document);\n\/\/# sourceURL=http:\/\/www.sanjuandeportes.com\/wp\/wp-includes\/js\/wp-embed.min.js\n<\/script>\n","thumbnail_url":"http:\/\/www.sanjuandeportes.com\/wp\/wp-content\/uploads\/2019\/09\/ROMAN.jpg","thumbnail_width":841,"thumbnail_height":471,"description":"La despedida de\u00a0Juan Rom\u00e1n Riquelme\u00a0ya tendr\u00eda fecha definida. Ser\u00e1\u00a0el 12 de diciembre en La Bombonera, que seguramente se vestir\u00e1 de gala para homenajear al m\u00e1ximo \u00eddolo de su historia. Rom\u00e1n brind\u00f3 una conferencia de prensa esta tarde a las 19 en la Noche Disco y en la misma dio detalles sobre la fiesta que le [&hellip;]"}