{"version":"1.0","provider_name":"San Juan Deportes","provider_url":"http:\/\/www.sanjuandeportes.com\/wp","author_name":"Pablo Pujado","author_url":"http:\/\/www.sanjuandeportes.com\/wp\/author\/pablo-pujado\/","title":"Gendarmer\u00eda celebra su 81\u00b0 aniversario con una marat\u00f3n - San Juan Deportes","type":"rich","width":600,"height":338,"html":"<blockquote class=\"wp-embedded-content\" data-secret=\"vMtwqxVdtw\"><a href=\"http:\/\/www.sanjuandeportes.com\/wp\/2019\/11\/27\/gendarmeria-celebra-su-81-aniversario-con-una-maraton\/\">Gendarmer\u00eda celebra su 81\u00b0 aniversario con una marat\u00f3n<\/a><\/blockquote><iframe sandbox=\"allow-scripts\" security=\"restricted\" src=\"http:\/\/www.sanjuandeportes.com\/wp\/2019\/11\/27\/gendarmeria-celebra-su-81-aniversario-con-una-maraton\/embed\/#?secret=vMtwqxVdtw\" width=\"600\" height=\"338\" title=\"\u00abGendarmer\u00eda celebra su 81\u00b0 aniversario con una marat\u00f3n\u00bb \u2014 San Juan Deportes\" data-secret=\"vMtwqxVdtw\" frameborder=\"0\" marginwidth=\"0\" marginheight=\"0\" scrolling=\"no\" class=\"wp-embedded-content\"><\/iframe><script>\n\/*! This file is auto-generated *\/\n!function(d,l){\"use strict\";l.querySelector&&d.addEventListener&&\"undefined\"!=typeof URL&&(d.wp=d.wp||{},d.wp.receiveEmbedMessage||(d.wp.receiveEmbedMessage=function(e){var t=e.data;if((t||t.secret||t.message||t.value)&&!\/[^a-zA-Z0-9]\/.test(t.secret)){for(var s,r,n,a=l.querySelectorAll('iframe[data-secret=\"'+t.secret+'\"]'),o=l.querySelectorAll('blockquote[data-secret=\"'+t.secret+'\"]'),c=new RegExp(\"^https?:$\",\"i\"),i=0;i<o.length;i++)o[i].style.display=\"none\";for(i=0;i<a.length;i++)s=a[i],e.source===s.contentWindow&&(s.removeAttribute(\"style\"),\"height\"===t.message?(1e3<(r=parseInt(t.value,10))?r=1e3:~~r<200&&(r=200),s.height=r):\"link\"===t.message&&(r=new URL(s.getAttribute(\"src\")),n=new URL(t.value),c.test(n.protocol))&&n.host===r.host&&l.activeElement===s&&(d.top.location.href=t.value))}},d.addEventListener(\"message\",d.wp.receiveEmbedMessage,!1),l.addEventListener(\"DOMContentLoaded\",function(){for(var e,t,s=l.querySelectorAll(\"iframe.wp-embedded-content\"),r=0;r<s.length;r++)(t=(e=s[r]).getAttribute(\"data-secret\"))||(t=Math.random().toString(36).substring(2,12),e.src+=\"#?secret=\"+t,e.setAttribute(\"data-secret\",t)),e.contentWindow.postMessage({message:\"ready\",secret:t},\"*\")},!1)))}(window,document);\n\/\/# sourceURL=http:\/\/www.sanjuandeportes.com\/wp\/wp-includes\/js\/wp-embed.min.js\n<\/script>\n","thumbnail_url":"https:\/\/www.sanjuandeportes.com\/wp\/wp-content\/uploads\/2019\/11\/740afb5324358c40e8336eb59fdcbb66_L.jpg","thumbnail_width":782,"thumbnail_height":440,"description":"Como desde hace tres a\u00f1os, los integrantes de la delegaci\u00f3n sanjuanina de Gendarmer\u00eda Nacional celebrar\u00e1n el aniversario de la instituci\u00f3n (que en 2019 es 81 a\u00f1os) con una marat\u00f3n abierta al p\u00fablico en general. En esta oportunidad, la cita atl\u00e9tica se dar\u00e1 el pr\u00f3ximo fin de semana. Concretamente, la carrera -cuya modalidad es de calle- [&hellip;]"}