{"version":"1.0","provider_name":"San Juan Deportes","provider_url":"http:\/\/www.sanjuandeportes.com\/wp","author_name":"Pablo Pujado","author_url":"http:\/\/www.sanjuandeportes.com\/wp\/author\/pablo-pujado\/","title":"Confirmado: as\u00ed ser\u00e1 el Torneo Internacional de Verano - San Juan Deportes","type":"rich","width":600,"height":338,"html":"<blockquote class=\"wp-embedded-content\" data-secret=\"r2NLI3FxTh\"><a href=\"http:\/\/www.sanjuandeportes.com\/wp\/2020\/01\/04\/confirmado-asi-sera-el-torneo-internacional-de-verano\/\">Confirmado: as\u00ed ser\u00e1 el Torneo Internacional de Verano<\/a><\/blockquote><iframe sandbox=\"allow-scripts\" security=\"restricted\" src=\"http:\/\/www.sanjuandeportes.com\/wp\/2020\/01\/04\/confirmado-asi-sera-el-torneo-internacional-de-verano\/embed\/#?secret=r2NLI3FxTh\" width=\"600\" height=\"338\" title=\"\u00abConfirmado: as\u00ed ser\u00e1 el Torneo Internacional de Verano\u00bb \u2014 San Juan Deportes\" data-secret=\"r2NLI3FxTh\" frameborder=\"0\" marginwidth=\"0\" marginheight=\"0\" scrolling=\"no\" class=\"wp-embedded-content\"><\/iframe><script>\n\/*! This file is auto-generated *\/\n!function(d,l){\"use strict\";l.querySelector&&d.addEventListener&&\"undefined\"!=typeof URL&&(d.wp=d.wp||{},d.wp.receiveEmbedMessage||(d.wp.receiveEmbedMessage=function(e){var t=e.data;if((t||t.secret||t.message||t.value)&&!\/[^a-zA-Z0-9]\/.test(t.secret)){for(var s,r,n,a=l.querySelectorAll('iframe[data-secret=\"'+t.secret+'\"]'),o=l.querySelectorAll('blockquote[data-secret=\"'+t.secret+'\"]'),c=new RegExp(\"^https?:$\",\"i\"),i=0;i<o.length;i++)o[i].style.display=\"none\";for(i=0;i<a.length;i++)s=a[i],e.source===s.contentWindow&&(s.removeAttribute(\"style\"),\"height\"===t.message?(1e3<(r=parseInt(t.value,10))?r=1e3:~~r<200&&(r=200),s.height=r):\"link\"===t.message&&(r=new URL(s.getAttribute(\"src\")),n=new URL(t.value),c.test(n.protocol))&&n.host===r.host&&l.activeElement===s&&(d.top.location.href=t.value))}},d.addEventListener(\"message\",d.wp.receiveEmbedMessage,!1),l.addEventListener(\"DOMContentLoaded\",function(){for(var e,t,s=l.querySelectorAll(\"iframe.wp-embedded-content\"),r=0;r<s.length;r++)(t=(e=s[r]).getAttribute(\"data-secret\"))||(t=Math.random().toString(36).substring(2,12),e.src+=\"#?secret=\"+t,e.setAttribute(\"data-secret\",t)),e.contentWindow.postMessage({message:\"ready\",secret:t},\"*\")},!1)))}(window,document);\n\/\/# sourceURL=http:\/\/www.sanjuandeportes.com\/wp\/wp-includes\/js\/wp-embed.min.js\n<\/script>\n","thumbnail_url":"http:\/\/www.sanjuandeportes.com\/wp\/wp-content\/uploads\/2019\/04\/san_juan.jpg_231334169.jpg","thumbnail_width":600,"thumbnail_height":400,"description":"Un a\u00f1o nuevo comienza y la pelota volver\u00e1 a rodar como en todos los veranos. Esta vez, San Juan ser\u00e1 centro de atenci\u00f3n donde el f\u00fatbol realizar\u00e1 el puntapi\u00e9 inicial, en este 2020. Ser\u00e1n cinco partidos internacionales los que se disputar\u00e1n en el Estadio San Juan del Bicentenario y en cada uno de ellos estar\u00e1 [&hellip;]"}