{"version":"1.0","provider_name":"San Juan Deportes","provider_url":"http:\/\/www.sanjuandeportes.com\/wp","author_name":"Pablo Pujado","author_url":"http:\/\/www.sanjuandeportes.com\/wp\/author\/pablo-pujado\/","title":"El gobernador realiz\u00f3 el lanzamiento de la \u201cSemana del Deporte\u201d - San Juan Deportes","type":"rich","width":600,"height":338,"html":"<blockquote class=\"wp-embedded-content\" data-secret=\"MMz6yEQ4KN\"><a href=\"http:\/\/www.sanjuandeportes.com\/wp\/2020\/07\/27\/10269\/\">El gobernador realiz\u00f3 el lanzamiento de la \u201cSemana del Deporte\u201d<\/a><\/blockquote><iframe sandbox=\"allow-scripts\" security=\"restricted\" src=\"http:\/\/www.sanjuandeportes.com\/wp\/2020\/07\/27\/10269\/embed\/#?secret=MMz6yEQ4KN\" width=\"600\" height=\"338\" title=\"\u00abEl gobernador realiz\u00f3 el lanzamiento de la \u201cSemana del Deporte\u201d\u00bb \u2014 San Juan Deportes\" data-secret=\"MMz6yEQ4KN\" frameborder=\"0\" marginwidth=\"0\" marginheight=\"0\" scrolling=\"no\" class=\"wp-embedded-content\"><\/iframe><script>\n\/*! This file is auto-generated *\/\n!function(d,l){\"use strict\";l.querySelector&&d.addEventListener&&\"undefined\"!=typeof URL&&(d.wp=d.wp||{},d.wp.receiveEmbedMessage||(d.wp.receiveEmbedMessage=function(e){var t=e.data;if((t||t.secret||t.message||t.value)&&!\/[^a-zA-Z0-9]\/.test(t.secret)){for(var s,r,n,a=l.querySelectorAll('iframe[data-secret=\"'+t.secret+'\"]'),o=l.querySelectorAll('blockquote[data-secret=\"'+t.secret+'\"]'),c=new RegExp(\"^https?:$\",\"i\"),i=0;i<o.length;i++)o[i].style.display=\"none\";for(i=0;i<a.length;i++)s=a[i],e.source===s.contentWindow&&(s.removeAttribute(\"style\"),\"height\"===t.message?(1e3<(r=parseInt(t.value,10))?r=1e3:~~r<200&&(r=200),s.height=r):\"link\"===t.message&&(r=new URL(s.getAttribute(\"src\")),n=new URL(t.value),c.test(n.protocol))&&n.host===r.host&&l.activeElement===s&&(d.top.location.href=t.value))}},d.addEventListener(\"message\",d.wp.receiveEmbedMessage,!1),l.addEventListener(\"DOMContentLoaded\",function(){for(var e,t,s=l.querySelectorAll(\"iframe.wp-embedded-content\"),r=0;r<s.length;r++)(t=(e=s[r]).getAttribute(\"data-secret\"))||(t=Math.random().toString(36).substring(2,12),e.src+=\"#?secret=\"+t,e.setAttribute(\"data-secret\",t)),e.contentWindow.postMessage({message:\"ready\",secret:t},\"*\")},!1)))}(window,document);\n\/\/# sourceURL=http:\/\/www.sanjuandeportes.com\/wp\/wp-includes\/js\/wp-embed.min.js\n<\/script>\n","thumbnail_url":"http:\/\/www.sanjuandeportes.com\/wp\/wp-content\/uploads\/2020\/07\/50160007461_239176f8d0_b.jpg","thumbnail_width":1024,"thumbnail_height":576,"description":"Sergio U\u00f1ac particip\u00f3 del acto en conmemoraci\u00f3n al D\u00eda Provincial del Deporte. Desde la secretar\u00eda que encabeza Jorge Chica realizar\u00e1n acciones durante toda la semana. Con un acto realizado en el Parque de Mayo, comenz\u00f3 este lunes la semana del deporte en San Juan. El gobernador de la Provincia, Sergio U\u00f1ac, encabez\u00f3 la celebraci\u00f3n de [&hellip;]"}