{"version":"1.0","provider_name":"San Juan Deportes","provider_url":"http:\/\/www.sanjuandeportes.com\/wp","author_name":"Pablo Pujado","author_url":"http:\/\/www.sanjuandeportes.com\/wp\/author\/pablo-pujado\/","title":"Primera Nacional: reuni\u00f3n clave para definir el futuro - San Juan Deportes","type":"rich","width":600,"height":338,"html":"<blockquote class=\"wp-embedded-content\" data-secret=\"QIBC5PzSeN\"><a href=\"http:\/\/www.sanjuandeportes.com\/wp\/2020\/08\/18\/primera-nacional-reunion-clave-para-definir-el-futuro\/\">Primera Nacional: reuni\u00f3n clave para definir el futuro<\/a><\/blockquote><iframe sandbox=\"allow-scripts\" security=\"restricted\" src=\"http:\/\/www.sanjuandeportes.com\/wp\/2020\/08\/18\/primera-nacional-reunion-clave-para-definir-el-futuro\/embed\/#?secret=QIBC5PzSeN\" width=\"600\" height=\"338\" title=\"\u00abPrimera Nacional: reuni\u00f3n clave para definir el futuro\u00bb \u2014 San Juan Deportes\" data-secret=\"QIBC5PzSeN\" frameborder=\"0\" marginwidth=\"0\" marginheight=\"0\" scrolling=\"no\" class=\"wp-embedded-content\"><\/iframe><script>\n\/*! This file is auto-generated *\/\n!function(d,l){\"use strict\";l.querySelector&&d.addEventListener&&\"undefined\"!=typeof URL&&(d.wp=d.wp||{},d.wp.receiveEmbedMessage||(d.wp.receiveEmbedMessage=function(e){var t=e.data;if((t||t.secret||t.message||t.value)&&!\/[^a-zA-Z0-9]\/.test(t.secret)){for(var s,r,n,a=l.querySelectorAll('iframe[data-secret=\"'+t.secret+'\"]'),o=l.querySelectorAll('blockquote[data-secret=\"'+t.secret+'\"]'),c=new RegExp(\"^https?:$\",\"i\"),i=0;i<o.length;i++)o[i].style.display=\"none\";for(i=0;i<a.length;i++)s=a[i],e.source===s.contentWindow&&(s.removeAttribute(\"style\"),\"height\"===t.message?(1e3<(r=parseInt(t.value,10))?r=1e3:~~r<200&&(r=200),s.height=r):\"link\"===t.message&&(r=new URL(s.getAttribute(\"src\")),n=new URL(t.value),c.test(n.protocol))&&n.host===r.host&&l.activeElement===s&&(d.top.location.href=t.value))}},d.addEventListener(\"message\",d.wp.receiveEmbedMessage,!1),l.addEventListener(\"DOMContentLoaded\",function(){for(var e,t,s=l.querySelectorAll(\"iframe.wp-embedded-content\"),r=0;r<s.length;r++)(t=(e=s[r]).getAttribute(\"data-secret\"))||(t=Math.random().toString(36).substring(2,12),e.src+=\"#?secret=\"+t,e.setAttribute(\"data-secret\",t)),e.contentWindow.postMessage({message:\"ready\",secret:t},\"*\")},!1)))}(window,document);\n\/\/# sourceURL=http:\/\/www.sanjuandeportes.com\/wp\/wp-includes\/js\/wp-embed.min.js\n<\/script>\n","thumbnail_url":"https:\/\/www.sanjuandeportes.com\/wp\/wp-content\/uploads\/2020\/08\/43-1.jpg","thumbnail_width":1072,"thumbnail_height":589,"description":"si todo sigue seg\u00fan los planes, algo que trat\u00e1ndose de f\u00fatbol argentino es dif\u00edcil de asegurar, en la tarde de este martes se concretar\u00e1 la primera reuni\u00f3n de la mesa de la Primera Nacional pensando en la reactivaci\u00f3n de la categor\u00eda, primero con la vuelta a entrenar y, despu\u00e9s, con el retorno de la competencia. [&hellip;]"}