{"version":"1.0","provider_name":"San Juan Deportes","provider_url":"http:\/\/www.sanjuandeportes.com\/wp","author_name":"admin","author_url":"http:\/\/www.sanjuandeportes.com\/wp\/author\/admin\/","title":"\u00c1rbitro confirmado para la revancha en el Serpentario - San Juan Deportes","type":"rich","width":600,"height":338,"html":"<blockquote class=\"wp-embedded-content\" data-secret=\"pGDxIQwtap\"><a href=\"http:\/\/www.sanjuandeportes.com\/wp\/2025\/01\/30\/arbitro-confirmado-para-la-revancha-en-el-serpentario\/\">\u00c1rbitro confirmado para la revancha en el Serpentario<\/a><\/blockquote><iframe sandbox=\"allow-scripts\" security=\"restricted\" src=\"http:\/\/www.sanjuandeportes.com\/wp\/2025\/01\/30\/arbitro-confirmado-para-la-revancha-en-el-serpentario\/embed\/#?secret=pGDxIQwtap\" width=\"600\" height=\"338\" title=\"\u00ab\u00c1rbitro confirmado para la revancha en el Serpentario\u00bb \u2014 San Juan Deportes\" data-secret=\"pGDxIQwtap\" frameborder=\"0\" marginwidth=\"0\" marginheight=\"0\" scrolling=\"no\" class=\"wp-embedded-content\"><\/iframe><script>\n\/*! This file is auto-generated *\/\n!function(d,l){\"use strict\";l.querySelector&&d.addEventListener&&\"undefined\"!=typeof URL&&(d.wp=d.wp||{},d.wp.receiveEmbedMessage||(d.wp.receiveEmbedMessage=function(e){var t=e.data;if((t||t.secret||t.message||t.value)&&!\/[^a-zA-Z0-9]\/.test(t.secret)){for(var s,r,n,a=l.querySelectorAll('iframe[data-secret=\"'+t.secret+'\"]'),o=l.querySelectorAll('blockquote[data-secret=\"'+t.secret+'\"]'),c=new RegExp(\"^https?:$\",\"i\"),i=0;i<o.length;i++)o[i].style.display=\"none\";for(i=0;i<a.length;i++)s=a[i],e.source===s.contentWindow&&(s.removeAttribute(\"style\"),\"height\"===t.message?(1e3<(r=parseInt(t.value,10))?r=1e3:~~r<200&&(r=200),s.height=r):\"link\"===t.message&&(r=new URL(s.getAttribute(\"src\")),n=new URL(t.value),c.test(n.protocol))&&n.host===r.host&&l.activeElement===s&&(d.top.location.href=t.value))}},d.addEventListener(\"message\",d.wp.receiveEmbedMessage,!1),l.addEventListener(\"DOMContentLoaded\",function(){for(var e,t,s=l.querySelectorAll(\"iframe.wp-embedded-content\"),r=0;r<s.length;r++)(t=(e=s[r]).getAttribute(\"data-secret\"))||(t=Math.random().toString(36).substring(2,12),e.src+=\"#?secret=\"+t,e.setAttribute(\"data-secret\",t)),e.contentWindow.postMessage({message:\"ready\",secret:t},\"*\")},!1)))}(window,document);\n\/\/# sourceURL=http:\/\/www.sanjuandeportes.com\/wp\/wp-includes\/js\/wp-embed.min.js\n<\/script>\n","thumbnail_url":"http:\/\/www.sanjuandeportes.com\/wp\/wp-content\/uploads\/2025\/01\/474256842_1113024300835452_6723395056492323039_n.jpg","thumbnail_width":1440,"thumbnail_height":1080,"description":"Se confirm\u00f3 que Jos\u00e9 D\u00edaz, de la Liga de Villa Mercedes, ser\u00e1 el encargado de dirigir el trascendental partido de vuelta. El \u00e1rbitro, oriundo de Pocho, C\u00f3rdoba, ya ha dirigido en varias oportunidades al V\u00edbora en el Federal A y ahora tendr\u00e1 la responsabilidad de impartir justicia en un duelo clave. El encuentro se disputar\u00e1 [&hellip;]"}