{"version":"1.0","provider_name":"San Juan Deportes","provider_url":"https:\/\/www.sanjuandeportes.com\/wp","author_name":"admin","author_url":"https:\/\/www.sanjuandeportes.com\/wp\/author\/admin\/","title":"Ma\u00f1ana arranca el Clausura \"Polo Benegas\" - San Juan Deportes","type":"rich","width":600,"height":338,"html":"<blockquote class=\"wp-embedded-content\" data-secret=\"CdudBp7iEo\"><a href=\"https:\/\/www.sanjuandeportes.com\/wp\/2017\/08\/10\/manana-arranca-el-clausura-polo-benegas\/\">Ma\u00f1ana arranca el Clausura \u00abPolo Benegas\u00bb<\/a><\/blockquote><iframe sandbox=\"allow-scripts\" security=\"restricted\" src=\"https:\/\/www.sanjuandeportes.com\/wp\/2017\/08\/10\/manana-arranca-el-clausura-polo-benegas\/embed\/#?secret=CdudBp7iEo\" width=\"600\" height=\"338\" title=\"\u00abMa\u00f1ana arranca el Clausura \u00abPolo Benegas\u00bb\u00bb \u2014 San Juan Deportes\" data-secret=\"CdudBp7iEo\" frameborder=\"0\" marginwidth=\"0\" marginheight=\"0\" scrolling=\"no\" class=\"wp-embedded-content\"><\/iframe><script>\n\/*! This file is auto-generated *\/\n!function(d,l){\"use strict\";l.querySelector&&d.addEventListener&&\"undefined\"!=typeof URL&&(d.wp=d.wp||{},d.wp.receiveEmbedMessage||(d.wp.receiveEmbedMessage=function(e){var t=e.data;if((t||t.secret||t.message||t.value)&&!\/[^a-zA-Z0-9]\/.test(t.secret)){for(var s,r,n,a=l.querySelectorAll('iframe[data-secret=\"'+t.secret+'\"]'),o=l.querySelectorAll('blockquote[data-secret=\"'+t.secret+'\"]'),c=new RegExp(\"^https?:$\",\"i\"),i=0;i<o.length;i++)o[i].style.display=\"none\";for(i=0;i<a.length;i++)s=a[i],e.source===s.contentWindow&&(s.removeAttribute(\"style\"),\"height\"===t.message?(1e3<(r=parseInt(t.value,10))?r=1e3:~~r<200&&(r=200),s.height=r):\"link\"===t.message&&(r=new URL(s.getAttribute(\"src\")),n=new URL(t.value),c.test(n.protocol))&&n.host===r.host&&l.activeElement===s&&(d.top.location.href=t.value))}},d.addEventListener(\"message\",d.wp.receiveEmbedMessage,!1),l.addEventListener(\"DOMContentLoaded\",function(){for(var e,t,s=l.querySelectorAll(\"iframe.wp-embedded-content\"),r=0;r<s.length;r++)(t=(e=s[r]).getAttribute(\"data-secret\"))||(t=Math.random().toString(36).substring(2,12),e.src+=\"#?secret=\"+t,e.setAttribute(\"data-secret\",t)),e.contentWindow.postMessage({message:\"ready\",secret:t},\"*\")},!1)))}(window,document);\n\/\/# sourceURL=https:\/\/www.sanjuandeportes.com\/wp\/wp-includes\/js\/wp-embed.min.js\n<\/script>\n","description":"Universidad y Lanteri abrir\u00e1n el torneo que llevar\u00e1 el nombre de una Gloria del B\u00e1squetbol Provincial. Ma\u00f1ana viernes se pondr\u00e1 en marcha una nueva edici\u00f3n del Torneo Clausura de B\u00e1squetbol. En esta oportunidad el campeonato llevar\u00e1 el nombre de \u201cPolo Benegas\u201d un hist\u00f3rico del b\u00e1squet sanjuanino que ser\u00e1 reconocido por iniciativa de la Federaci\u00f3n de [&hellip;]","thumbnail_url":"http:\/\/www.sanjuandeportes.com\/wp\/wp-content\/uploads\/2017\/08\/Basquet-Local.png"}