{"version":"1.0","provider_name":"San Juan Deportes","provider_url":"https:\/\/www.sanjuandeportes.com\/wp","author_name":"admin","author_url":"https:\/\/www.sanjuandeportes.com\/wp\/author\/admin\/","title":"El f\u00fatbol italiano de luto - San Juan Deportes","type":"rich","width":600,"height":338,"html":"<blockquote class=\"wp-embedded-content\" data-secret=\"2rCVo1Ej8s\"><a href=\"https:\/\/www.sanjuandeportes.com\/wp\/2018\/03\/04\/el-futbol-italiano-de-luto\/\">El f\u00fatbol italiano de luto<\/a><\/blockquote><iframe sandbox=\"allow-scripts\" security=\"restricted\" src=\"https:\/\/www.sanjuandeportes.com\/wp\/2018\/03\/04\/el-futbol-italiano-de-luto\/embed\/#?secret=2rCVo1Ej8s\" width=\"600\" height=\"338\" title=\"\u00abEl f\u00fatbol italiano de luto\u00bb \u2014 San Juan Deportes\" data-secret=\"2rCVo1Ej8s\" frameborder=\"0\" marginwidth=\"0\" marginheight=\"0\" scrolling=\"no\" class=\"wp-embedded-content\"><\/iframe><script>\n\/*! This file is auto-generated *\/\n!function(d,l){\"use strict\";l.querySelector&&d.addEventListener&&\"undefined\"!=typeof URL&&(d.wp=d.wp||{},d.wp.receiveEmbedMessage||(d.wp.receiveEmbedMessage=function(e){var t=e.data;if((t||t.secret||t.message||t.value)&&!\/[^a-zA-Z0-9]\/.test(t.secret)){for(var s,r,n,a=l.querySelectorAll('iframe[data-secret=\"'+t.secret+'\"]'),o=l.querySelectorAll('blockquote[data-secret=\"'+t.secret+'\"]'),c=new RegExp(\"^https?:$\",\"i\"),i=0;i<o.length;i++)o[i].style.display=\"none\";for(i=0;i<a.length;i++)s=a[i],e.source===s.contentWindow&&(s.removeAttribute(\"style\"),\"height\"===t.message?(1e3<(r=parseInt(t.value,10))?r=1e3:~~r<200&&(r=200),s.height=r):\"link\"===t.message&&(r=new URL(s.getAttribute(\"src\")),n=new URL(t.value),c.test(n.protocol))&&n.host===r.host&&l.activeElement===s&&(d.top.location.href=t.value))}},d.addEventListener(\"message\",d.wp.receiveEmbedMessage,!1),l.addEventListener(\"DOMContentLoaded\",function(){for(var e,t,s=l.querySelectorAll(\"iframe.wp-embedded-content\"),r=0;r<s.length;r++)(t=(e=s[r]).getAttribute(\"data-secret\"))||(t=Math.random().toString(36).substring(2,12),e.src+=\"#?secret=\"+t,e.setAttribute(\"data-secret\",t)),e.contentWindow.postMessage({message:\"ready\",secret:t},\"*\")},!1)))}(window,document);\n\/\/# sourceURL=https:\/\/www.sanjuandeportes.com\/wp\/wp-includes\/js\/wp-embed.min.js\n<\/script>\n","thumbnail_url":"http:\/\/www.sanjuandeportes.com\/wp\/wp-content\/uploads\/2018\/03\/Astori-Fiorentina.jpg","thumbnail_width":1033,"thumbnail_height":688,"description":"Davide Astori, capit\u00e1n de la Fiorentina, muri\u00f3 en la madrugada italiana en plena concentraci\u00f3n de su equipo que se preparaba para enfrentar a Udinese. \u00abLa Fiorentina est\u00e1 profundamente conmocionada por tener que anunciar la muerte de su capit\u00e1n Davide Astori tras un desvanecimiento repentino\u00bb, escribi\u00f3 la Fiorentina en su cuenta de Twitter. Un portavoz del [&hellip;]"}