{"version":"1.0","provider_name":"San Juan Deportes","provider_url":"https:\/\/www.sanjuandeportes.com\/wp","author_name":"admin","author_url":"https:\/\/www.sanjuandeportes.com\/wp\/author\/admin\/","title":"Dos que dicen Adi\u00f3s - San Juan Deportes","type":"rich","width":600,"height":338,"html":"<blockquote class=\"wp-embedded-content\" data-secret=\"Q9oSdhl8wK\"><a href=\"https:\/\/www.sanjuandeportes.com\/wp\/2018\/07\/01\/dos-que-dicen-adios\/\">Dos que dicen Adi\u00f3s<\/a><\/blockquote><iframe sandbox=\"allow-scripts\" security=\"restricted\" src=\"https:\/\/www.sanjuandeportes.com\/wp\/2018\/07\/01\/dos-que-dicen-adios\/embed\/#?secret=Q9oSdhl8wK\" width=\"600\" height=\"338\" title=\"\u00abDos que dicen Adi\u00f3s\u00bb \u2014 San Juan Deportes\" data-secret=\"Q9oSdhl8wK\" frameborder=\"0\" marginwidth=\"0\" marginheight=\"0\" scrolling=\"no\" class=\"wp-embedded-content\"><\/iframe><script>\n\/*! This file is auto-generated *\/\n!function(d,l){\"use strict\";l.querySelector&&d.addEventListener&&\"undefined\"!=typeof URL&&(d.wp=d.wp||{},d.wp.receiveEmbedMessage||(d.wp.receiveEmbedMessage=function(e){var t=e.data;if((t||t.secret||t.message||t.value)&&!\/[^a-zA-Z0-9]\/.test(t.secret)){for(var s,r,n,a=l.querySelectorAll('iframe[data-secret=\"'+t.secret+'\"]'),o=l.querySelectorAll('blockquote[data-secret=\"'+t.secret+'\"]'),c=new RegExp(\"^https?:$\",\"i\"),i=0;i<o.length;i++)o[i].style.display=\"none\";for(i=0;i<a.length;i++)s=a[i],e.source===s.contentWindow&&(s.removeAttribute(\"style\"),\"height\"===t.message?(1e3<(r=parseInt(t.value,10))?r=1e3:~~r<200&&(r=200),s.height=r):\"link\"===t.message&&(r=new URL(s.getAttribute(\"src\")),n=new URL(t.value),c.test(n.protocol))&&n.host===r.host&&l.activeElement===s&&(d.top.location.href=t.value))}},d.addEventListener(\"message\",d.wp.receiveEmbedMessage,!1),l.addEventListener(\"DOMContentLoaded\",function(){for(var e,t,s=l.querySelectorAll(\"iframe.wp-embedded-content\"),r=0;r<s.length;r++)(t=(e=s[r]).getAttribute(\"data-secret\"))||(t=Math.random().toString(36).substring(2,12),e.src+=\"#?secret=\"+t,e.setAttribute(\"data-secret\",t)),e.contentWindow.postMessage({message:\"ready\",secret:t},\"*\")},!1)))}(window,document);\n\/\/# sourceURL=https:\/\/www.sanjuandeportes.com\/wp\/wp-includes\/js\/wp-embed.min.js\n<\/script>\n","thumbnail_url":"http:\/\/www.sanjuandeportes.com\/wp\/wp-content\/uploads\/2018\/07\/in-_416x234.jpg","thumbnail_width":416,"thumbnail_height":234,"description":"La sorpresiva derrota frente a Rusia trajo consigo, adem\u00e1s de la eliminaci\u00f3n, el anuncio de adi\u00f3s tanto de Andr\u00e9s Iniesta como de Gerard Piqu\u00e9. Dos hist\u00f3ricos, campeones del mundo en 2010, no jugar\u00e1n m\u00e1s para la selecci\u00f3n espa\u00f1ola. \u00abEs una realidad que hoy es mi \u00faltimo partido con la selecci\u00f3n. A nivel individual se acaba [&hellip;]"}