{"version":"1.0","provider_name":"San Juan Deportes","provider_url":"https:\/\/www.sanjuandeportes.com\/wp","author_name":"Pablo Pujado","author_url":"https:\/\/www.sanjuandeportes.com\/wp\/author\/pablo-pujado\/","title":"Vi\u00f1as dirigir\u00e1 la final entre Pe\u00f1arol \u2013 Indp. Chivilcoy - San Juan Deportes","type":"rich","width":600,"height":338,"html":"<blockquote class=\"wp-embedded-content\" data-secret=\"1oGxGVPzUa\"><a href=\"https:\/\/www.sanjuandeportes.com\/wp\/2019\/06\/14\/vinas-dirigira-la-final-entre-penarol-indp-chivilcoy\/\">Vi\u00f1as dirigir\u00e1 la final entre Pe\u00f1arol \u2013 Indp. Chivilcoy<\/a><\/blockquote><iframe sandbox=\"allow-scripts\" security=\"restricted\" src=\"https:\/\/www.sanjuandeportes.com\/wp\/2019\/06\/14\/vinas-dirigira-la-final-entre-penarol-indp-chivilcoy\/embed\/#?secret=1oGxGVPzUa\" width=\"600\" height=\"338\" title=\"\u00abVi\u00f1as dirigir\u00e1 la final entre Pe\u00f1arol \u2013 Indp. Chivilcoy\u00bb \u2014 San Juan Deportes\" data-secret=\"1oGxGVPzUa\" frameborder=\"0\" marginwidth=\"0\" marginheight=\"0\" scrolling=\"no\" class=\"wp-embedded-content\"><\/iframe><script>\n\/*! This file is auto-generated *\/\n!function(d,l){\"use strict\";l.querySelector&&d.addEventListener&&\"undefined\"!=typeof URL&&(d.wp=d.wp||{},d.wp.receiveEmbedMessage||(d.wp.receiveEmbedMessage=function(e){var t=e.data;if((t||t.secret||t.message||t.value)&&!\/[^a-zA-Z0-9]\/.test(t.secret)){for(var s,r,n,a=l.querySelectorAll('iframe[data-secret=\"'+t.secret+'\"]'),o=l.querySelectorAll('blockquote[data-secret=\"'+t.secret+'\"]'),c=new RegExp(\"^https?:$\",\"i\"),i=0;i<o.length;i++)o[i].style.display=\"none\";for(i=0;i<a.length;i++)s=a[i],e.source===s.contentWindow&&(s.removeAttribute(\"style\"),\"height\"===t.message?(1e3<(r=parseInt(t.value,10))?r=1e3:~~r<200&&(r=200),s.height=r):\"link\"===t.message&&(r=new URL(s.getAttribute(\"src\")),n=new URL(t.value),c.test(n.protocol))&&n.host===r.host&&l.activeElement===s&&(d.top.location.href=t.value))}},d.addEventListener(\"message\",d.wp.receiveEmbedMessage,!1),l.addEventListener(\"DOMContentLoaded\",function(){for(var e,t,s=l.querySelectorAll(\"iframe.wp-embedded-content\"),r=0;r<s.length;r++)(t=(e=s[r]).getAttribute(\"data-secret\"))||(t=Math.random().toString(36).substring(2,12),e.src+=\"#?secret=\"+t,e.setAttribute(\"data-secret\",t)),e.contentWindow.postMessage({message:\"ready\",secret:t},\"*\")},!1)))}(window,document);\n\/\/# sourceURL=https:\/\/www.sanjuandeportes.com\/wp\/wp-includes\/js\/wp-embed.min.js\n<\/script>\n","thumbnail_url":"https:\/\/www.sanjuandeportes.com\/wp\/wp-content\/uploads\/2019\/06\/p-Nahuel_Vi_as.jpg","thumbnail_width":1140,"thumbnail_height":701,"description":"El Consejo Federal dio a conocer la terna para el final entre Club Sportivo Pe\u00f1arol \u2013 Indep. Chivilcoy. Nahuel Vi\u00f1as ser\u00e1 el encargado de impartir justicia en el encuentro decisivo para el ascenso al Federal A. El \u00e1rbitro de de Santa Fe Nahuel Maximiliano Vi\u00f1as, supo venir a San Juan en un par de oportunidades [&hellip;]"}