{"version":"1.0","provider_name":"San Juan Deportes","provider_url":"https:\/\/www.sanjuandeportes.com\/wp","author_name":"Pablo Pujado","author_url":"https:\/\/www.sanjuandeportes.com\/wp\/author\/pablo-pujado\/","title":"Domingo negro para Tob\u00edas Mart\u00ednez - San Juan Deportes","type":"rich","width":600,"height":338,"html":"<blockquote class=\"wp-embedded-content\" data-secret=\"os5j5sv1Hi\"><a href=\"https:\/\/www.sanjuandeportes.com\/wp\/2022\/03\/07\/domingo-negro-para-tobias-martinez\/\">Domingo negro para Tob\u00edas Mart\u00ednez<\/a><\/blockquote><iframe sandbox=\"allow-scripts\" security=\"restricted\" src=\"https:\/\/www.sanjuandeportes.com\/wp\/2022\/03\/07\/domingo-negro-para-tobias-martinez\/embed\/#?secret=os5j5sv1Hi\" width=\"600\" height=\"338\" title=\"\u00abDomingo negro para Tob\u00edas Mart\u00ednez\u00bb \u2014 San Juan Deportes\" data-secret=\"os5j5sv1Hi\" frameborder=\"0\" marginwidth=\"0\" marginheight=\"0\" scrolling=\"no\" class=\"wp-embedded-content\"><\/iframe><script>\n\/*! This file is auto-generated *\/\n!function(d,l){\"use strict\";l.querySelector&&d.addEventListener&&\"undefined\"!=typeof URL&&(d.wp=d.wp||{},d.wp.receiveEmbedMessage||(d.wp.receiveEmbedMessage=function(e){var t=e.data;if((t||t.secret||t.message||t.value)&&!\/[^a-zA-Z0-9]\/.test(t.secret)){for(var s,r,n,a=l.querySelectorAll('iframe[data-secret=\"'+t.secret+'\"]'),o=l.querySelectorAll('blockquote[data-secret=\"'+t.secret+'\"]'),c=new RegExp(\"^https?:$\",\"i\"),i=0;i<o.length;i++)o[i].style.display=\"none\";for(i=0;i<a.length;i++)s=a[i],e.source===s.contentWindow&&(s.removeAttribute(\"style\"),\"height\"===t.message?(1e3<(r=parseInt(t.value,10))?r=1e3:~~r<200&&(r=200),s.height=r):\"link\"===t.message&&(r=new URL(s.getAttribute(\"src\")),n=new URL(t.value),c.test(n.protocol))&&n.host===r.host&&l.activeElement===s&&(d.top.location.href=t.value))}},d.addEventListener(\"message\",d.wp.receiveEmbedMessage,!1),l.addEventListener(\"DOMContentLoaded\",function(){for(var e,t,s=l.querySelectorAll(\"iframe.wp-embedded-content\"),r=0;r<s.length;r++)(t=(e=s[r]).getAttribute(\"data-secret\"))||(t=Math.random().toString(36).substring(2,12),e.src+=\"#?secret=\"+t,e.setAttribute(\"data-secret\",t)),e.contentWindow.postMessage({message:\"ready\",secret:t},\"*\")},!1)))}(window,document);\n\/\/# sourceURL=https:\/\/www.sanjuandeportes.com\/wp\/wp-includes\/js\/wp-embed.min.js\n<\/script>\n","thumbnail_url":"https:\/\/www.sanjuandeportes.com\/wp\/wp-content\/uploads\/2022\/03\/tobias-martinez.jpg","thumbnail_width":1280,"thumbnail_height":849,"description":"Otra carrera complicada para Tob\u00edas Mart\u00ednez en el inicio de temporada en TC Pista. Por la 2\u00aa fecha de la categor\u00eda en el Aut\u00f3dromo Centenario de Neuqu\u00e9n, una sucesi\u00f3n de problemas mec\u00e1nicos fueron complicando el domingo del sanjuanino, que finalmente termin\u00f3 en el puesto 30\u00ba, a una vuelta del pelot\u00f3n, en carrera que gan\u00f3 Otto [&hellip;]"}