{"version":"1.0","provider_name":"San Juan Deportes","provider_url":"https:\/\/www.sanjuandeportes.com\/wp","author_name":"admin","author_url":"https:\/\/www.sanjuandeportes.com\/wp\/author\/admin\/","title":"Comenz\u00f3 el Argentino de Pista en el flamante Vel\u00f3dromo Vicente Chancay - San Juan Deportes","type":"rich","width":600,"height":338,"html":"<blockquote class=\"wp-embedded-content\" data-secret=\"vfSMUMbbkp\"><a href=\"https:\/\/www.sanjuandeportes.com\/wp\/2023\/10\/04\/el-argentino-de-pista-en-el-flamante-velodromo\/\">Comenz\u00f3 el Argentino de Pista en el flamante Vel\u00f3dromo Vicente Chancay<\/a><\/blockquote><iframe sandbox=\"allow-scripts\" security=\"restricted\" src=\"https:\/\/www.sanjuandeportes.com\/wp\/2023\/10\/04\/el-argentino-de-pista-en-el-flamante-velodromo\/embed\/#?secret=vfSMUMbbkp\" width=\"600\" height=\"338\" title=\"\u00abComenz\u00f3 el Argentino de Pista en el flamante Vel\u00f3dromo Vicente Chancay\u00bb \u2014 San Juan Deportes\" data-secret=\"vfSMUMbbkp\" frameborder=\"0\" marginwidth=\"0\" marginheight=\"0\" scrolling=\"no\" class=\"wp-embedded-content\"><\/iframe><script>\n\/*! This file is auto-generated *\/\n!function(d,l){\"use strict\";l.querySelector&&d.addEventListener&&\"undefined\"!=typeof URL&&(d.wp=d.wp||{},d.wp.receiveEmbedMessage||(d.wp.receiveEmbedMessage=function(e){var t=e.data;if((t||t.secret||t.message||t.value)&&!\/[^a-zA-Z0-9]\/.test(t.secret)){for(var s,r,n,a=l.querySelectorAll('iframe[data-secret=\"'+t.secret+'\"]'),o=l.querySelectorAll('blockquote[data-secret=\"'+t.secret+'\"]'),c=new RegExp(\"^https?:$\",\"i\"),i=0;i<o.length;i++)o[i].style.display=\"none\";for(i=0;i<a.length;i++)s=a[i],e.source===s.contentWindow&&(s.removeAttribute(\"style\"),\"height\"===t.message?(1e3<(r=parseInt(t.value,10))?r=1e3:~~r<200&&(r=200),s.height=r):\"link\"===t.message&&(r=new URL(s.getAttribute(\"src\")),n=new URL(t.value),c.test(n.protocol))&&n.host===r.host&&l.activeElement===s&&(d.top.location.href=t.value))}},d.addEventListener(\"message\",d.wp.receiveEmbedMessage,!1),l.addEventListener(\"DOMContentLoaded\",function(){for(var e,t,s=l.querySelectorAll(\"iframe.wp-embedded-content\"),r=0;r<s.length;r++)(t=(e=s[r]).getAttribute(\"data-secret\"))||(t=Math.random().toString(36).substring(2,12),e.src+=\"#?secret=\"+t,e.setAttribute(\"data-secret\",t)),e.contentWindow.postMessage({message:\"ready\",secret:t},\"*\")},!1)))}(window,document);\n\/\/# sourceURL=https:\/\/www.sanjuandeportes.com\/wp\/wp-includes\/js\/wp-embed.min.js\n<\/script>\n","thumbnail_url":"https:\/\/www.sanjuandeportes.com\/wp\/wp-content\/uploads\/2023\/10\/2023-10-03_DEPORTES_-_Campeonato_Argentino_de_Pista_en_San_Juan_San_Juan_confirmo_a_su_nomina_completa_de_ciclismo.jpeg","thumbnail_width":1600,"thumbnail_height":900,"description":"Este mi\u00e9rcoles en el nuevo vel\u00f3dromo multiprop\u00f3sito de San Juan comenzar\u00e1 el Campeonato Argentino de ciclismo en pista 2023, competencia que tendr\u00e1 al Vicente Alejo Chancay como escenario de gala para la cita deportiva. En la competencia, que finalizar\u00e1 el pr\u00f3ximo domingo 8 de octubre, y donde en el vel\u00f3dromo habr\u00e1 actividad en la ma\u00f1ana [&hellip;]"}