{"version":"1.0","provider_name":"San Juan Deportes","provider_url":"https:\/\/www.sanjuandeportes.com\/wp","author_name":"admin","author_url":"https:\/\/www.sanjuandeportes.com\/wp\/author\/admin\/","title":"San Mart\u00edn sella una nueva incorporaci\u00f3n - San Juan Deportes","type":"rich","width":600,"height":338,"html":"<blockquote class=\"wp-embedded-content\" data-secret=\"HjCIvhwdAl\"><a href=\"https:\/\/www.sanjuandeportes.com\/wp\/2025\/01\/02\/san-martin-sella-una-nueva-incorporacion\/\">San Mart\u00edn sella una nueva incorporaci\u00f3n<\/a><\/blockquote><iframe sandbox=\"allow-scripts\" security=\"restricted\" src=\"https:\/\/www.sanjuandeportes.com\/wp\/2025\/01\/02\/san-martin-sella-una-nueva-incorporacion\/embed\/#?secret=HjCIvhwdAl\" width=\"600\" height=\"338\" title=\"\u00abSan Mart\u00edn sella una nueva incorporaci\u00f3n\u00bb \u2014 San Juan Deportes\" data-secret=\"HjCIvhwdAl\" frameborder=\"0\" marginwidth=\"0\" marginheight=\"0\" scrolling=\"no\" class=\"wp-embedded-content\"><\/iframe><script>\n\/*! This file is auto-generated *\/\n!function(d,l){\"use strict\";l.querySelector&&d.addEventListener&&\"undefined\"!=typeof URL&&(d.wp=d.wp||{},d.wp.receiveEmbedMessage||(d.wp.receiveEmbedMessage=function(e){var t=e.data;if((t||t.secret||t.message||t.value)&&!\/[^a-zA-Z0-9]\/.test(t.secret)){for(var s,r,n,a=l.querySelectorAll('iframe[data-secret=\"'+t.secret+'\"]'),o=l.querySelectorAll('blockquote[data-secret=\"'+t.secret+'\"]'),c=new RegExp(\"^https?:$\",\"i\"),i=0;i<o.length;i++)o[i].style.display=\"none\";for(i=0;i<a.length;i++)s=a[i],e.source===s.contentWindow&&(s.removeAttribute(\"style\"),\"height\"===t.message?(1e3<(r=parseInt(t.value,10))?r=1e3:~~r<200&&(r=200),s.height=r):\"link\"===t.message&&(r=new URL(s.getAttribute(\"src\")),n=new URL(t.value),c.test(n.protocol))&&n.host===r.host&&l.activeElement===s&&(d.top.location.href=t.value))}},d.addEventListener(\"message\",d.wp.receiveEmbedMessage,!1),l.addEventListener(\"DOMContentLoaded\",function(){for(var e,t,s=l.querySelectorAll(\"iframe.wp-embedded-content\"),r=0;r<s.length;r++)(t=(e=s[r]).getAttribute(\"data-secret\"))||(t=Math.random().toString(36).substring(2,12),e.src+=\"#?secret=\"+t,e.setAttribute(\"data-secret\",t)),e.contentWindow.postMessage({message:\"ready\",secret:t},\"*\")},!1)))}(window,document);\n\/\/# sourceURL=https:\/\/www.sanjuandeportes.com\/wp\/wp-includes\/js\/wp-embed.min.js\n<\/script>\n","thumbnail_url":"https:\/\/www.sanjuandeportes.com\/wp\/wp-content\/uploads\/2025\/01\/md.webp","thumbnail_width":992,"thumbnail_height":875,"description":"A un d\u00eda de iniciar la pretemporada en el estadio Hilario S\u00e1nchez, San Mart\u00edn de San Juan sum\u00f3 un nuevo refuerzo: el mediocampista Sebasti\u00e1n Jaurena, proveniente de Alvarado de Mar del Plata. El jugador, que ejecut\u00f3 la cl\u00e1usula de salida de su contrato, se incorpora al Verdinegro en calidad de pr\u00e9stamo por un a\u00f1o, con [&hellip;]"}